{"id":12,"date":"2013-06-17T12:41:28","date_gmt":"2013-06-17T10:41:28","guid":{"rendered":"http:\/\/www.ornding.at\/?page_id=12"},"modified":"2017-06-27T19:36:12","modified_gmt":"2017-06-27T18:36:12","slug":"der-dorfverein","status":"publish","type":"page","link":"https:\/\/www.ornding.at\/?page_id=12","title":{"rendered":"Der Dorfverein"},"content":{"rendered":"<h3>\u00a0Neuwahl bei Generalversammlung im Februar 2017<\/h3>\n<p>Zahlreiche Mitglieder des Dorfvereins kamen am 14. Februar 2017 zur Generalversammlung ins Orndinger Dorfwirtshaus, unter anderem um einen neuen Vorstand zu w\u00e4hlen. Obfrau Ingrid Hochenauer blickte auf 6 Jahre intensive und erfolgreiche Jahre zur\u00fcck. In dieser Zeit wurden zahlreiche Projekte f\u00fcr und mit der Orndinger Bev\u00f6lkerung umgesetzt. So entstanden durch die Zusammenarbeit sehr vieler HelferInnen das Orndinger Dorfbuch, der neue Kinderspielplatz, die Blumeninseln oder auch die Kapellensanierung.<\/p>\n<p>Nach einem kurzen R\u00fcckblick kam es bei der Neuwahl des Vorstands zu einem Generationenwechsel. Obfrau Ingrid Hochenauer und ihre Stellvertreterin Gerti Kuttner legen ihre \u00c4mter zur\u00fcck. Folgend der neue Vorstand:<\/p>\n<p>Obmann: Matthias Komarek<br \/>\nObmann Stellvertreterin: Claudia Rester<br \/>\nKassierin: Kerstin Thain<br \/>\nKassierin Stellvertreter: Robert Rester<br \/>\nSchriftf\u00fchrerin: Michaela Frosch<br \/>\nSchriftf\u00fchrerin Stellvertreterin: Maria Teufl<\/p>\n<p>Kassapr\u00fcferinnen: Sissy Heisler und Alexandra Weldschek<\/p>\n<p>&nbsp;<\/p>\n<p><img loading=\"lazy\" decoding=\"async\" class=\"aligncenter wp-image-1592 size-large\" src=\"https:\/\/www.ornding.at\/wp-content\/uploads\/2017\/02\/Vorstand_neu-alt_2017_02_14_Foto_Markus_Weldschek_klein-1024x683.jpg\" alt=\"Vorstand_neu alt_2017_02_14_Foto_Markus_Weldschek_klein\" width=\"1024\" height=\"683\" srcset=\"https:\/\/www.ornding.at\/wp-content\/uploads\/2017\/02\/Vorstand_neu-alt_2017_02_14_Foto_Markus_Weldschek_klein-1024x683.jpg 1024w, https:\/\/www.ornding.at\/wp-content\/uploads\/2017\/02\/Vorstand_neu-alt_2017_02_14_Foto_Markus_Weldschek_klein-300x200.jpg 300w, https:\/\/www.ornding.at\/wp-content\/uploads\/2017\/02\/Vorstand_neu-alt_2017_02_14_Foto_Markus_Weldschek_klein-768x512.jpg 768w, https:\/\/www.ornding.at\/wp-content\/uploads\/2017\/02\/Vorstand_neu-alt_2017_02_14_Foto_Markus_Weldschek_klein-750x500.jpg 750w, https:\/\/www.ornding.at\/wp-content\/uploads\/2017\/02\/Vorstand_neu-alt_2017_02_14_Foto_Markus_Weldschek_klein.jpg 1800w\" sizes=\"auto, (max-width: 1024px) 100vw, 1024px\" \/><\/p>\n<p>&nbsp;<\/p>\n<p>Obmann Matthias Komarek sowie der gesamte Vorstand freuen sich auf die n\u00e4chsten 4 Amtsperioden. Wie jedes Jahr wurde die au\u00dfergew\u00f6hnliche Dorfgemeinschaft der Orndinger angesprochen und dabei m\u00f6chte der Dorfverein besonders bei Projekten oder Festen unterst\u00fctzen und f\u00f6rdern!<\/p>\n<p>Ein gro\u00dfes Projekt, welches dieses Jahr noch stattfinden wird ist das ORNDINGER H\u00d6FEFEST am 2. September 2017. Fragen dazu bitte direkt an Gerti Kuttner und Ingrid Hochenauer stellen, totz Amtsr\u00fccklegung wollen sie den Verein unterst\u00fctzen und sind Hauptorganisatoren des H\u00f6fefestes.<\/p>\n<p>&nbsp;<\/p>\n<h3>Ein herzliches Gr\u00fc\u00dfgott!<\/h3>\n<p>Liebe Mitglieder, Liebe Interessierte!<\/p>\n<div><\/div>\n<div>Seit 01.07.2010 gibt es nun offiziell den Dorfverein &#8222;lebendiges Ornding&#8220;. Dies war nur m\u00f6glich, durch die Hilfe von motivierten und engagierten OrndingerInnen. Hiermit ein herzliches Dankesch\u00f6n an alle, die dazu beigetragen haben!<\/div>\n<div><\/div>\n<div>Mittlerweile sind 7 Jahre vergangen. Bis 2014 waren wir Mitglied der Dorf- und Stadterneuerung und wurden vom Land N\u00d6 und der Stadtgemeinde finanziell unterst\u00fctzt. Diese 4 Jahre wurden bef\u00fcllt mit unz\u00e4hligen kleinen und gro\u00dfen Projekten, wie zum Beispiel:<\/div>\n<div><\/div>\n<h6><\/h6>\n<div>\n<ul>\n<li>Dorfbuch &#8222;Uandlinga daz\u00f6hn&#8220;<\/li>\n<li>Kinderspielplatz wurde vergr\u00f6\u00dfert und neue Spielger\u00e4te angekauft,<\/li>\n<li>Dorfkapelle wurde saniert,<\/li>\n<li>Bepflanzung der Blumenrabatte entlang der Bundesstra\u00dfe,<\/li>\n<li>Eisstockplatz wurde neu asphaltiert,<\/li>\n<li>Spurger\u00e4t f\u00fcr Langlaufloipen wurde angekauft.<\/li>\n<\/ul>\n<p>&nbsp;<\/p>\n<p>Die gesamten Projektkosten belaufen sich auf knapp 63.000,\u2013 \u20ac. Bis zu 4.000 ehrenamtliche Arbeitsstunden wurden aufgebracht und der Verein selbst investierte 14.000,&#8211; Euro. Als letztes Projekt starteten wir die Renovierung des Orndinger Wahrzeichens, unsere Dorfkapelle, die am 4. Juli 2015 feierlich eingeweiht wurde. Die Kapelle bekam einen neuen Anstrich, die T\u00fcren wurden erneuert und das Dach wurde ausgebessert.<\/p>\n<p>Trotz der Beendigung der F\u00f6rderung durch das Land und die Gemeinde hat sich der Verein entschlossen, weiter zu machen.<\/p>\n<p><span style=\"text-decoration: underline;\">Derzeit mit folgendem Vorstand:<\/span><\/p>\n<p>Obmann: Matthias Komarek<br \/>\nObmann Stellv.: Claudia Rester<br \/>\nKassierin: Kerstin Thain<br \/>\nKassierin Stellv.: Robert Rester<br \/>\nSchriftf\u00fchrerin: Michaela Frosch<br \/>\nSchriftf\u00fchrerin Stellv.: Maria Teufl<br \/>\nKassapr\u00fcferinnen: Sissy Heisler und Alexandra Weldschek<\/p>\n<p>Es gibt immer wieder neue Ideen, die umgesetzt werden k\u00f6nnen. Wir freuen uns darauf!<\/p>\n<\/div>\n<h4><\/h4>\n<h4><\/h4>\n<div><b>R\u00fcckblick:<\/b><\/div>\n<p>Am 9. Februar 2010 trafen sich erstmals Orndinger, teilweise gespannt und teilweise kritisch, im Feuerwehrhaus. Daniel Br\u00fcll (Dorferneuerung) f\u00fchrte uns durch den Abend und erarbeitete in den darauf folgenden Sitzungen den Ist-Zustand, m\u00f6gliche Ziele des Vereins und die Umsetzung dieser.<\/p>\n<p><a href=\"https:\/\/www.ornding.at\/wp-content\/uploads\/2013\/06\/DSC00998.jpg\"><img loading=\"lazy\" decoding=\"async\" class=\"alignnone size-medium wp-image-128\" src=\"https:\/\/www.ornding.at\/wp-content\/uploads\/2013\/06\/DSC00998-300x225.jpg\" alt=\"DSC00998\" width=\"300\" height=\"225\" srcset=\"https:\/\/www.ornding.at\/wp-content\/uploads\/2013\/06\/DSC00998-300x225.jpg 300w, https:\/\/www.ornding.at\/wp-content\/uploads\/2013\/06\/DSC00998-1024x768.jpg 1024w, https:\/\/www.ornding.at\/wp-content\/uploads\/2013\/06\/DSC00998-624x468.jpg 624w\" sizes=\"auto, (max-width: 300px) 100vw, 300px\" \/><\/a> <a href=\"https:\/\/www.ornding.at\/wp-content\/uploads\/2013\/06\/Dorf.Ornd_.2.Sitzung.png\"><img loading=\"lazy\" decoding=\"async\" class=\"alignnone size-medium wp-image-129\" src=\"https:\/\/www.ornding.at\/wp-content\/uploads\/2013\/06\/Dorf.Ornd_.2.Sitzung-300x225.png\" alt=\"Dorf.Ornd.2.Sitzung\" width=\"300\" height=\"225\" srcset=\"https:\/\/www.ornding.at\/wp-content\/uploads\/2013\/06\/Dorf.Ornd_.2.Sitzung-300x225.png 300w, https:\/\/www.ornding.at\/wp-content\/uploads\/2013\/06\/Dorf.Ornd_.2.Sitzung.png 374w\" sizes=\"auto, (max-width: 300px) 100vw, 300px\" \/><\/a><\/p>\n<div>Im Mai wurde es konkret. Der Vorstand wurde gew\u00e4hlt! Interessierte trafen sich im Orndinger Dorfwirtshaus, um die spannende Wahl mit zu erleben. Schneller als erwartet fanden sich dann die Vorstandsmitglieder:<\/div>\n<div><\/div>\n<div><\/div>\n<div><\/div>\n<div>Pr\u00e4sidentin: Ingrid Hohenauer<\/div>\n<div>Stellvertretung: Gertrud Kuttner<\/div>\n<div>Kassierin: Kerstin Thain<\/div>\n<div>Stellvertretung: Christian Enengel<\/div>\n<div>Schriftf\u00fchrerin: Claudia Peintner<\/div>\n<div>Stellvertretung: Matthias Komarek<\/div>\n<div>Kassapr\u00fcfer 1: Manfred Amesberger<\/div>\n<div>Kassapr\u00fcfer 2: Robert Rester<\/div>\n<div><\/div>\n<div><\/div>\n<p><a href=\"https:\/\/www.ornding.at\/wp-content\/uploads\/2013\/06\/Vorstand.jpg\"><img loading=\"lazy\" decoding=\"async\" class=\"alignnone size-medium wp-image-130\" src=\"https:\/\/www.ornding.at\/wp-content\/uploads\/2013\/06\/Vorstand-300x225.jpg\" alt=\"Vorstand\" width=\"300\" height=\"225\" srcset=\"https:\/\/www.ornding.at\/wp-content\/uploads\/2013\/06\/Vorstand-300x225.jpg 300w, https:\/\/www.ornding.at\/wp-content\/uploads\/2013\/06\/Vorstand-1024x768.jpg 1024w, https:\/\/www.ornding.at\/wp-content\/uploads\/2013\/06\/Vorstand-624x468.jpg 624w, https:\/\/www.ornding.at\/wp-content\/uploads\/2013\/06\/Vorstand.jpg 1600w\" sizes=\"auto, (max-width: 300px) 100vw, 300px\" \/><\/a><\/p>\n<address><i>In den ersten Abenden wurde au\u00dferdem am Leitbild des Vereins gearbeitet. Das ausf\u00fchrliche Leitbild gibt es folgend als PDF zum Durchlesen:<a href=\"https:\/\/www.ornding.at\/wp-content\/uploads\/2013\/06\/OrndingDOERN_Leitbild.pdf\">Leitbild des Orndinger Dorferneuerungsverein<\/a> <\/i><i>\u00a0Bei einem ersten Treffen des Vorstands wurde auch gleich \u00fcber den Namen des Vereins diskutiert. Uns waren besonders die aktive Zusammenarbeit und die Dorfgemeinschaft wichtig. Neben &#8222;aktives Ornding&#8220; oder &#8222;Wir sind Ornding&#8220; entschieden wir uns einstimmig f\u00fcr den Namen: &#8222;Dorfverein lebendiges Ornding&#8220;.<br \/>\nAuch der Zweck des Vereins wurde erstmals festgehalten: nicht gewinnorientiert, Verwirklichung der gemeinsamen kulturellen (Brauchtum) und sozialen Interessen der Dorfgemeinschaft, Ortsverbundenheit der Menschen, Umwelt, Nachhaltigkeit und die Infrastruktur (z.B. Radlweg).<br \/>\nNun stehen wir in den Startl\u00f6chern mit vielen interessanten und kreativen Ideen \u2026 aber dar\u00fcber erz\u00e4hlen wir Euch im n\u00e4chsten Blog!<br \/>\nLiebe Gr\u00fc\u00dfe<br \/>\nEuer Dorfverein<\/i><i>\u00a0<\/i><b><i>\u00dcbrigens &#8230;\u00a0<\/i><\/b><i><br \/>\nBeim Durchst\u00f6bern von alten Fotos stie\u00df Gerti auf folgende Bilder. Denn bereits 2001 gab es eine Zusammenkunft der Orndinger Gemeinschaft, um Projekte f\u00fcr Ornding zu gestalten: Erkennt Ihr jemanden \ud83d\ude42<\/i><\/address>\n<div>\n\n\t\t\t<div id=\"12-1\" class=\"gallery gallery-12 gallery-col-3 gallery-columns-3 gallery-size-post-thumbnail\" itemscope itemtype=\"http:\/\/schema.org\/ImageGallery\">\n\t\t\t\t\t<figure class='gallery-item col-3' itemprop='associatedMedia' itemscope itemtype='http:\/\/schema.org\/ImageObject'>\n\t\t\t\t\t\t<div class='gallery-icon landscape'><a href='https:\/\/www.ornding.at\/wp-content\/uploads\/2013\/06\/Dscn0562.jpg' itemprop=\"contentURL\"><img loading=\"lazy\" decoding=\"async\" width=\"175\" height=\"131\" src=\"https:\/\/www.ornding.at\/wp-content\/uploads\/2013\/06\/Dscn0562-624x468.jpg\" class=\"attachment-post-thumbnail size-post-thumbnail\" alt=\"\" srcset=\"https:\/\/www.ornding.at\/wp-content\/uploads\/2013\/06\/Dscn0562-624x468.jpg 624w, https:\/\/www.ornding.at\/wp-content\/uploads\/2013\/06\/Dscn0562-300x225.jpg 300w, https:\/\/www.ornding.at\/wp-content\/uploads\/2013\/06\/Dscn0562-1024x768.jpg 1024w, https:\/\/www.ornding.at\/wp-content\/uploads\/2013\/06\/Dscn0562.jpg 1600w\" sizes=\"auto, (max-width: 175px) 100vw, 175px\" itemprop=\"thumbnail\" \/><\/a><\/div>\n\t\t\t\t\t<\/figure>\n\t\t\t\t\t<figure class='gallery-item col-3' itemprop='associatedMedia' itemscope itemtype='http:\/\/schema.org\/ImageObject'>\n\t\t\t\t\t\t<div class='gallery-icon landscape'><a href='https:\/\/www.ornding.at\/wp-content\/uploads\/2013\/06\/Dscn0563.jpg' itemprop=\"contentURL\"><img loading=\"lazy\" decoding=\"async\" width=\"175\" height=\"131\" src=\"https:\/\/www.ornding.at\/wp-content\/uploads\/2013\/06\/Dscn0563-624x468.jpg\" class=\"attachment-post-thumbnail size-post-thumbnail\" alt=\"\" srcset=\"https:\/\/www.ornding.at\/wp-content\/uploads\/2013\/06\/Dscn0563-624x468.jpg 624w, https:\/\/www.ornding.at\/wp-content\/uploads\/2013\/06\/Dscn0563-300x225.jpg 300w, https:\/\/www.ornding.at\/wp-content\/uploads\/2013\/06\/Dscn0563-1024x768.jpg 1024w, https:\/\/www.ornding.at\/wp-content\/uploads\/2013\/06\/Dscn0563.jpg 1600w\" sizes=\"auto, (max-width: 175px) 100vw, 175px\" itemprop=\"thumbnail\" \/><\/a><\/div>\n\t\t\t\t\t<\/figure>\n\t\t\t\t\t<figure class='gallery-item col-3' itemprop='associatedMedia' itemscope itemtype='http:\/\/schema.org\/ImageObject'>\n\t\t\t\t\t\t<div class='gallery-icon landscape'><a href='https:\/\/www.ornding.at\/wp-content\/uploads\/2013\/06\/Dscn0566.jpg' itemprop=\"contentURL\"><img loading=\"lazy\" decoding=\"async\" width=\"175\" height=\"131\" src=\"https:\/\/www.ornding.at\/wp-content\/uploads\/2013\/06\/Dscn0566-624x468.jpg\" class=\"attachment-post-thumbnail size-post-thumbnail\" alt=\"\" srcset=\"https:\/\/www.ornding.at\/wp-content\/uploads\/2013\/06\/Dscn0566-624x468.jpg 624w, https:\/\/www.ornding.at\/wp-content\/uploads\/2013\/06\/Dscn0566-300x225.jpg 300w, https:\/\/www.ornding.at\/wp-content\/uploads\/2013\/06\/Dscn0566-1024x768.jpg 1024w, https:\/\/www.ornding.at\/wp-content\/uploads\/2013\/06\/Dscn0566.jpg 1600w\" sizes=\"auto, (max-width: 175px) 100vw, 175px\" itemprop=\"thumbnail\" \/><\/a><\/div>\n\t\t\t\t\t<\/figure>\n\t\t\t<\/div><!-- .gallery -->\n\n<\/div>\n<div><\/div>\n","protected":false},"excerpt":{"rendered":"<p>\u00a0Neuwahl bei Generalversammlung im Februar 2017 Zahlreiche Mitglieder des Dorfvereins kamen am 14. Februar 2017 zur Generalversammlung ins Orndinger Dorfwirtshaus, unter anderem um einen neuen Vorstand zu w\u00e4hlen. Obfrau Ingrid <a href=\"https:\/\/www.ornding.at\/?page_id=12\" class=\"more-link\">[&hellip;]<\/a><\/p>\n","protected":false},"author":1,"featured_media":130,"parent":0,"menu_order":2,"comment_status":"open","ping_status":"closed","template":"","meta":{"Layout":"","footnotes":""},"class_list":["entry","author-claudia","post-12","page","type-page","status-publish","has-post-thumbnail"],"_links":{"self":[{"href":"https:\/\/www.ornding.at\/index.php?rest_route=\/wp\/v2\/pages\/12","targetHints":{"allow":["GET"]}}],"collection":[{"href":"https:\/\/www.ornding.at\/index.php?rest_route=\/wp\/v2\/pages"}],"about":[{"href":"https:\/\/www.ornding.at\/index.php?rest_route=\/wp\/v2\/types\/page"}],"author":[{"embeddable":true,"href":"https:\/\/www.ornding.at\/index.php?rest_route=\/wp\/v2\/users\/1"}],"replies":[{"embeddable":true,"href":"https:\/\/www.ornding.at\/index.php?rest_route=%2Fwp%2Fv2%2Fcomments&post=12"}],"version-history":[{"count":42,"href":"https:\/\/www.ornding.at\/index.php?rest_route=\/wp\/v2\/pages\/12\/revisions"}],"predecessor-version":[{"id":1809,"href":"https:\/\/www.ornding.at\/index.php?rest_route=\/wp\/v2\/pages\/12\/revisions\/1809"}],"wp:featuredmedia":[{"embeddable":true,"href":"https:\/\/www.ornding.at\/index.php?rest_route=\/wp\/v2\/media\/130"}],"wp:attachment":[{"href":"https:\/\/www.ornding.at\/index.php?rest_route=%2Fwp%2Fv2%2Fmedia&parent=12"}],"curies":[{"name":"wp","href":"https:\/\/api.w.org\/{rel}","templated":true}]}}